{"id":279,"date":"2025-06-24T10:29:51","date_gmt":"2025-06-24T08:29:51","guid":{"rendered":"https:\/\/ozei2.sum.edu.pl\/?page_id=279"},"modified":"2025-06-25T10:25:29","modified_gmt":"2025-06-25T08:25:29","slug":"2024-program-konferencji","status":"publish","type":"page","link":"https:\/\/ozei.sum.edu.pl\/en\/2024-program-konferencji\/","title":{"rendered":"2024 Program konferencji"},"content":{"rendered":"<details class=\"wp-block-details is-layout-flow wp-block-details-is-layout-flow\"><summary>9:00 Opening ceremony<\/summary>\n<p><strong>prof. dr hab. n. ekon. S\u0142awomir Smyczek i&nbsp;dr n. farm. Artur Turek<\/strong><\/p>\n<\/details>\n\n\n\n<details class=\"wp-block-details is-layout-flow wp-block-details-is-layout-flow\"><summary>09:10 Prescription drugs - safety of use - selected issues<\/summary>\n<blockquote class=\"wp-block-quote is-layout-flow wp-block-quote-is-layout-flow\">\n<p class=\"has-text-align-left has-normal-font-size\"><strong>Lucyna Bu\u0142a\u015b, PhD<\/strong><\/p>\n\n\n\n<p class=\"has-text-align-left has-normal-font-size\">Katedra i&nbsp;Zak\u0142ad Technologii Postaci Leku, Wydzia\u0142 Nauk Farmaceutycznych w&nbsp;Sosnowcu, \u015al\u0105ski Uniwersytet Medyczny w&nbsp;Katowicach, Katowice<\/p>\n<\/blockquote>\n<\/details>\n\n\n\n<details class=\"wp-block-details is-layout-flow wp-block-details-is-layout-flow\"><summary>09:35 Technologies of the Medical University of Silesia in Katowice and commercialization models<\/summary>\n<blockquote class=\"wp-block-quote is-layout-flow wp-block-quote-is-layout-flow\">\n<p class=\"has-normal-font-size\"><strong>Wojciech Bor\u00f3wka, MS<\/strong> <\/p>\n\n\n\n<p class=\"has-normal-font-size\">Centrum Transferu Technologii, \u015al\u0105ski Uniwersytet Medyczny w&nbsp;Katowicach, Katowice<\/p>\n<\/blockquote>\n\n\n\n<p><\/p>\n<\/details>\n\n\n\n<details class=\"wp-block-details is-layout-flow wp-block-details-is-layout-flow\"><summary>10:00 Healthy consumer - market trends<\/summary>\n<blockquote class=\"wp-block-quote is-layout-flow wp-block-quote-is-layout-flow\">\n<p class=\"has-normal-font-size\"><strong>Marta Gryp\u015b-Kabocik, PhD, Agnieszka Tetla, PhD<\/strong> <\/p>\n\n\n\n<p class=\"has-normal-font-size\">Katedra Bada\u0144 Konsumpcji, Wydzia\u0142 Zarz\u0105dzania, Uniwersytet Ekonomiczny w&nbsp;Katowicach, Katowice<\/p>\n<\/blockquote>\n\n\n\n<p><\/p>\n<\/details>\n\n\n\n<details class=\"wp-block-details is-layout-flow wp-block-details-is-layout-flow\"><summary>10:25 Access to health services during the COVID-19 pandemic as perceived by patients<\/summary>\n<blockquote class=\"wp-block-quote is-layout-flow wp-block-quote-is-layout-flow\">\n<p class=\"has-normal-font-size\"><strong>Dr hab. n. med. i&nbsp;n. o&nbsp;zdr. Mateusz Grajek<\/strong> <\/p>\n\n\n\n<p class=\"has-normal-font-size\">Department of Public Health, Department of Public Health in Bytom, Medical University of Silesia in Katowice<strong>&nbsp;<\/strong>Wydzia\u0142 Zdrowia Publicznego w&nbsp;Bytomiu, \u015al\u0105ski Uniwersytet Medyczny w&nbsp;Katowicach, Katowice<\/p>\n<\/blockquote>\n<\/details>\n\n\n\n<details class=\"wp-block-details is-layout-flow wp-block-details-is-layout-flow\"><summary>10:50 Application of artificial intelligence in medicine. Let's evaluate the gains - offset the risks<\/summary>\n<blockquote class=\"wp-block-quote is-layout-flow wp-block-quote-is-layout-flow\">\n<p class=\"has-normal-font-size\"><strong>Zbigniew Nawrat, PhD<\/strong> <\/p>\n\n\n\n<p class=\"has-normal-font-size\">Foundation for Cardiac Surgery Development, Zabrze, Poland<\/p>\n\n\n\n<p class=\"has-normal-font-size\">Katedra Biofizyki, Wydzia\u0142 Nauk Medycznych w&nbsp;Zabrzu, \u015al\u0105ski Uniwersytet Medyczny w&nbsp;Katowicach, Katowice<\/p>\n\n\n\n<p class=\"has-normal-font-size\">International Society for Medical Robotics, Zabrze, Poland<\/p>\n<\/blockquote>\n\n\n\n<p><\/p>\n<\/details>\n\n\n\n<details class=\"wp-block-details is-layout-flow wp-block-details-is-layout-flow\"><summary>11:15 Coffee break<\/summary>\n<p><\/p>\n<\/details>\n\n\n\n<details class=\"wp-block-details is-layout-flow wp-block-details-is-layout-flow\"><summary>11:25 Impact of technology on the changing role of the pharmacist in the Polish health care system<\/summary>\n<blockquote class=\"wp-block-quote is-layout-flow wp-block-quote-is-layout-flow\">\n<p class=\"has-normal-font-size\"><strong>Miko\u0142aj Konstanty, PhD<\/strong><\/p>\n\n\n\n<p class=\"has-normal-font-size\">Polish Pharmaceutical Chamber, Warsaw<\/p>\n<\/blockquote>\n<\/details>\n\n\n\n<details class=\"wp-block-details is-layout-flow wp-block-details-is-layout-flow\"><summary>11:50 The role of clinical trials in the process of preparing medical devices for conformity assessment<\/summary>\n<blockquote class=\"wp-block-quote is-layout-flow wp-block-quote-is-layout-flow\">\n<p class=\"has-normal-font-size\"><strong>Karol Makowski, BS<\/strong><\/p>\n\n\n\n<p class=\"has-normal-font-size\">Medigent LAB, Pozna\u0144<\/p>\n<\/blockquote>\n<\/details>\n\n\n\n<details class=\"wp-block-details is-layout-flow wp-block-details-is-layout-flow\"><summary>12:15 Increasing importance of home care and treatment at home using new medical technologies<\/summary>\n<blockquote class=\"wp-block-quote is-layout-flow wp-block-quote-is-layout-flow\">\n<p class=\"has-normal-font-size\"><strong>Mgr Piotr Pi\u0105tek<\/strong><\/p>\n\n\n\n<p class=\"has-normal-font-size\">Polmedi sp. z&nbsp;o.o., Pozna\u0144<\/p>\n<\/blockquote>\n<\/details>\n\n\n\n<details class=\"wp-block-details is-layout-flow wp-block-details-is-layout-flow\"><summary>12:40 Customer value in the virtual market of medical services - a model approach<\/summary>\n<blockquote class=\"wp-block-quote is-layout-flow wp-block-quote-is-layout-flow\">\n<p class=\"has-normal-font-size\"><strong>prof. S\u0142awomir Smyczek, and Artur Turek, PhD<\/strong><\/p>\n\n\n\n<p class=\"has-normal-font-size\">Katedra Bada\u0144 Konsumpcji, Wydzia\u0142 Zarz\u0105dzania, Uniwersytet Ekonomiczny w&nbsp;Katowicach, Katowice<\/p>\n<\/blockquote>\n<\/details>\n\n\n\n<details class=\"wp-block-details is-layout-flow wp-block-details-is-layout-flow\"><summary>13:05 Determinants of consumer behavior in the market of dietary supplements and medicinal products in the context of sustainable consumption and digitalization<\/summary>\n<blockquote class=\"wp-block-quote is-layout-flow wp-block-quote-is-layout-flow\">\n<p class=\"has-normal-font-size\"><strong>Artur Turek, PhD<\/strong><\/p>\n\n\n\n<p class=\"has-normal-font-size\">Katedra i&nbsp;Zak\u0142ad Biofarmacji, Wydzia\u0142 Nauk Farmaceutycznych, \u015al\u0105ski Uniwersytet Medyczny w&nbsp;Katowicach, Katowice<\/p>\n<\/blockquote>\n<\/details>\n\n\n\n<details class=\"wp-block-details is-layout-flow wp-block-details-is-layout-flow\"><summary>13:30 Debate - Closing ceremony<\/summary>\n<blockquote class=\"wp-block-quote is-layout-flow wp-block-quote-is-layout-flow\">\n<p class=\"has-normal-font-size\"><strong>prof. dr hab. n. ekon. S\u0142awomir Smyczek i&nbsp;dr n. farm. Artur Turek<\/strong><\/p>\n<\/blockquote>\n<\/details>\n\n\n\n<details class=\"wp-block-details is-layout-flow wp-block-details-is-layout-flow\"><summary>13:45 Lunch<\/summary>\n<p><\/p>\n<\/details>\n\n\n\n<p><\/p>","protected":false},"excerpt":{"rendered":"","protected":false},"author":1,"featured_media":0,"parent":0,"menu_order":0,"comment_status":"closed","ping_status":"closed","template":"","meta":{"footnotes":""},"class_list":["post-279","page","type-page","status-publish","hentry"],"_links":{"self":[{"href":"https:\/\/ozei.sum.edu.pl\/en\/wp-json\/wp\/v2\/pages\/279","targetHints":{"allow":["GET"]}}],"collection":[{"href":"https:\/\/ozei.sum.edu.pl\/en\/wp-json\/wp\/v2\/pages"}],"about":[{"href":"https:\/\/ozei.sum.edu.pl\/en\/wp-json\/wp\/v2\/types\/page"}],"author":[{"embeddable":true,"href":"https:\/\/ozei.sum.edu.pl\/en\/wp-json\/wp\/v2\/users\/1"}],"replies":[{"embeddable":true,"href":"https:\/\/ozei.sum.edu.pl\/en\/wp-json\/wp\/v2\/comments?post=279"}],"version-history":[{"count":9,"href":"https:\/\/ozei.sum.edu.pl\/en\/wp-json\/wp\/v2\/pages\/279\/revisions"}],"predecessor-version":[{"id":348,"href":"https:\/\/ozei.sum.edu.pl\/en\/wp-json\/wp\/v2\/pages\/279\/revisions\/348"}],"wp:attachment":[{"href":"https:\/\/ozei.sum.edu.pl\/en\/wp-json\/wp\/v2\/media?parent=279"}],"curies":[{"name":"wp","href":"https:\/\/api.w.org\/{rel}","templated":true}]}}